{"id":12,"date":"2024-07-11T17:50:30","date_gmt":"2024-07-11T15:50:30","guid":{"rendered":"https:\/\/poznan.dobre-oko.pl\/?page_id=12"},"modified":"2025-10-15T20:56:59","modified_gmt":"2025-10-15T18:56:59","slug":"nasz-zespol","status":"publish","type":"page","link":"https:\/\/poznan.dobre-oko.pl\/index.php\/nasz-zespol\/","title":{"rendered":"Nasz zesp\u00f3\u0142"},"content":{"rendered":"\n<div class=\"wp-block-group\"><div class=\"wp-block-group__inner-container is-layout-constrained wp-block-group-is-layout-constrained\">\n<h2 class=\"wp-block-heading\">Nasz zesp\u00f3\u0142<\/h2>\n\n\n\n<div id=\"zespol\" class=\"wp-block-dobre-oko-przewin3 carousel slide\">\n<div class=\"wp-block-dobre-oko-wizytowka\"><div>\n<figure class=\"wp-block-image size-full\"><img fetchpriority=\"high\" decoding=\"async\" width=\"2560\" height=\"2560\" src=\"https:\/\/poznan.dobre-oko.pl\/wp-content\/uploads\/2024\/07\/Katarzyna-Dubas-scaled.jpg\" alt=\"\" class=\"wp-image-23\" srcset=\"https:\/\/poznan.dobre-oko.pl\/wp-content\/uploads\/2024\/07\/Katarzyna-Dubas-scaled.jpg 2560w, https:\/\/poznan.dobre-oko.pl\/wp-content\/uploads\/2024\/07\/Katarzyna-Dubas-300x300.jpg 300w, https:\/\/poznan.dobre-oko.pl\/wp-content\/uploads\/2024\/07\/Katarzyna-Dubas-1024x1024.jpg 1024w, https:\/\/poznan.dobre-oko.pl\/wp-content\/uploads\/2024\/07\/Katarzyna-Dubas-150x150.jpg 150w, https:\/\/poznan.dobre-oko.pl\/wp-content\/uploads\/2024\/07\/Katarzyna-Dubas-768x768.jpg 768w, https:\/\/poznan.dobre-oko.pl\/wp-content\/uploads\/2024\/07\/Katarzyna-Dubas-1536x1536.jpg 1536w, https:\/\/poznan.dobre-oko.pl\/wp-content\/uploads\/2024\/07\/Katarzyna-Dubas-2048x2048.jpg 2048w\" sizes=\"(max-width: 2560px) 100vw, 2560px\" \/><\/figure>\n\n\n\n<h3 class=\"wp-block-heading\"><strong>dr n. med. Katarzyna Dubas<\/strong><\/h3>\n\n\n\n<h4 class=\"wp-block-heading\">Optometrysta<\/h4>\n\n\n\n<p><\/p>\n<\/div><\/div>\n\n\n\n<div class=\"wp-block-dobre-oko-wizytowka\"><div>\n<figure class=\"wp-block-image size-full is-resized\"><img decoding=\"async\" width=\"2560\" height=\"2560\" src=\"https:\/\/poznan.dobre-oko.pl\/wp-content\/uploads\/2024\/07\/Katarzyna-Ignacka1-1-scaled.jpg\" alt=\"\" class=\"wp-image-24\" style=\"width:840px;height:auto\" srcset=\"https:\/\/poznan.dobre-oko.pl\/wp-content\/uploads\/2024\/07\/Katarzyna-Ignacka1-1-scaled.jpg 2560w, https:\/\/poznan.dobre-oko.pl\/wp-content\/uploads\/2024\/07\/Katarzyna-Ignacka1-1-300x300.jpg 300w, https:\/\/poznan.dobre-oko.pl\/wp-content\/uploads\/2024\/07\/Katarzyna-Ignacka1-1-1024x1024.jpg 1024w, https:\/\/poznan.dobre-oko.pl\/wp-content\/uploads\/2024\/07\/Katarzyna-Ignacka1-1-150x150.jpg 150w, https:\/\/poznan.dobre-oko.pl\/wp-content\/uploads\/2024\/07\/Katarzyna-Ignacka1-1-768x768.jpg 768w, https:\/\/poznan.dobre-oko.pl\/wp-content\/uploads\/2024\/07\/Katarzyna-Ignacka1-1-1536x1536.jpg 1536w, https:\/\/poznan.dobre-oko.pl\/wp-content\/uploads\/2024\/07\/Katarzyna-Ignacka1-1-2048x2048.jpg 2048w\" sizes=\"(max-width: 2560px) 100vw, 2560px\" \/><\/figure>\n\n\n\n<h3 class=\"wp-block-heading\"><strong>lek. med Katarzyna Ignacka<\/strong><\/h3>\n\n\n\n<h4 class=\"wp-block-heading\">Okulista<\/h4>\n\n\n\n<p><\/p>\n<\/div><\/div>\n\n\n\n<div class=\"wp-block-dobre-oko-wizytowka\"><div>\n<figure class=\"wp-block-image size-full\"><img decoding=\"async\" width=\"2240\" height=\"2240\" src=\"https:\/\/poznan.dobre-oko.pl\/wp-content\/uploads\/2024\/07\/MALGORZATA-HADZICKA-BLASZCZYK.jpg\" alt=\"\" class=\"wp-image-26\" srcset=\"https:\/\/poznan.dobre-oko.pl\/wp-content\/uploads\/2024\/07\/MALGORZATA-HADZICKA-BLASZCZYK.jpg 2240w, https:\/\/poznan.dobre-oko.pl\/wp-content\/uploads\/2024\/07\/MALGORZATA-HADZICKA-BLASZCZYK-300x300.jpg 300w, https:\/\/poznan.dobre-oko.pl\/wp-content\/uploads\/2024\/07\/MALGORZATA-HADZICKA-BLASZCZYK-1024x1024.jpg 1024w, https:\/\/poznan.dobre-oko.pl\/wp-content\/uploads\/2024\/07\/MALGORZATA-HADZICKA-BLASZCZYK-150x150.jpg 150w, https:\/\/poznan.dobre-oko.pl\/wp-content\/uploads\/2024\/07\/MALGORZATA-HADZICKA-BLASZCZYK-768x768.jpg 768w, https:\/\/poznan.dobre-oko.pl\/wp-content\/uploads\/2024\/07\/MALGORZATA-HADZICKA-BLASZCZYK-1536x1536.jpg 1536w, https:\/\/poznan.dobre-oko.pl\/wp-content\/uploads\/2024\/07\/MALGORZATA-HADZICKA-BLASZCZYK-2048x2048.jpg 2048w\" sizes=\"(max-width: 2240px) 100vw, 2240px\" \/><\/figure>\n\n\n\n<h3 class=\"wp-block-heading\">mgr <strong>Ma\u0142gorzata Hadzicka-B\u0142aszczyk<\/strong><\/h3>\n\n\n\n<h4 class=\"wp-block-heading\">Optometrysta<\/h4>\n\n\n\n<p><\/p>\n<\/div><\/div>\n\n\n\n<div class=\"wp-block-dobre-oko-wizytowka\"><div>\n<figure class=\"wp-block-image size-full is-resized\"><img loading=\"lazy\" decoding=\"async\" width=\"2560\" height=\"2560\" src=\"https:\/\/poznan.dobre-oko.pl\/wp-content\/uploads\/2024\/07\/MAGDALENA-ALEKSANDER-scaled.jpg\" alt=\"\" class=\"wp-image-28\" style=\"width:682px;height:auto\" srcset=\"https:\/\/poznan.dobre-oko.pl\/wp-content\/uploads\/2024\/07\/MAGDALENA-ALEKSANDER-scaled.jpg 2560w, https:\/\/poznan.dobre-oko.pl\/wp-content\/uploads\/2024\/07\/MAGDALENA-ALEKSANDER-300x300.jpg 300w, https:\/\/poznan.dobre-oko.pl\/wp-content\/uploads\/2024\/07\/MAGDALENA-ALEKSANDER-1024x1024.jpg 1024w, https:\/\/poznan.dobre-oko.pl\/wp-content\/uploads\/2024\/07\/MAGDALENA-ALEKSANDER-150x150.jpg 150w, https:\/\/poznan.dobre-oko.pl\/wp-content\/uploads\/2024\/07\/MAGDALENA-ALEKSANDER-768x768.jpg 768w, https:\/\/poznan.dobre-oko.pl\/wp-content\/uploads\/2024\/07\/MAGDALENA-ALEKSANDER-1536x1536.jpg 1536w, https:\/\/poznan.dobre-oko.pl\/wp-content\/uploads\/2024\/07\/MAGDALENA-ALEKSANDER-2048x2048.jpg 2048w\" sizes=\"(max-width: 2560px) 100vw, 2560px\" \/><\/figure>\n\n\n\n<h3 class=\"wp-block-heading\"><strong>Magdalena Aleksander<\/strong><\/h3>\n\n\n\n<h4 class=\"wp-block-heading\">Technik Optyk<\/h4>\n\n\n\n<p><\/p>\n<\/div><\/div>\n\n\n\n<div class=\"wp-block-dobre-oko-wizytowka\"><div>\n<figure class=\"wp-block-image size-full\"><img loading=\"lazy\" decoding=\"async\" width=\"2560\" height=\"2560\" src=\"https:\/\/poznan.dobre-oko.pl\/wp-content\/uploads\/2024\/07\/Hanna-Mikolajczak-scaled.jpg\" alt=\"\" class=\"wp-image-29\" srcset=\"https:\/\/poznan.dobre-oko.pl\/wp-content\/uploads\/2024\/07\/Hanna-Mikolajczak-scaled.jpg 2560w, https:\/\/poznan.dobre-oko.pl\/wp-content\/uploads\/2024\/07\/Hanna-Mikolajczak-300x300.jpg 300w, https:\/\/poznan.dobre-oko.pl\/wp-content\/uploads\/2024\/07\/Hanna-Mikolajczak-1024x1024.jpg 1024w, https:\/\/poznan.dobre-oko.pl\/wp-content\/uploads\/2024\/07\/Hanna-Mikolajczak-150x150.jpg 150w, https:\/\/poznan.dobre-oko.pl\/wp-content\/uploads\/2024\/07\/Hanna-Mikolajczak-768x768.jpg 768w, https:\/\/poznan.dobre-oko.pl\/wp-content\/uploads\/2024\/07\/Hanna-Mikolajczak-1536x1536.jpg 1536w, https:\/\/poznan.dobre-oko.pl\/wp-content\/uploads\/2024\/07\/Hanna-Mikolajczak-2048x2048.jpg 2048w\" sizes=\"(max-width: 2560px) 100vw, 2560px\" \/><\/figure>\n\n\n\n<h3 class=\"wp-block-heading\"><strong>Hanna Miko\u0142ajczyk<\/strong><\/h3>\n\n\n\n<h4 class=\"wp-block-heading\">Dyplomowany optyk okularowy<\/h4>\n\n\n\n<p><\/p>\n<\/div><\/div>\n<button class=\"carousel-control-prev\" type=\"button\" data-bs-target=\"#zespol\" data-bs-slide=\"prev\"><span class=\"carousel-control-prev-icon\" aria-hidden=\"true\"><\/span><span class=\"visually-hidden\">Poprzedni<\/span><\/button><button class=\"carousel-control-next\" type=\"button\" data-bs-target=\"#zespol\" data-bs-slide=\"next\"><span class=\"carousel-control-next-icon\" aria-hidden=\"true\"><\/span><span class=\"visually-hidden\">Nast\u0119pny<\/span><\/button> <\/div>\n<\/div><\/div>\n\n\n\n<p><\/p>\n","protected":false},"excerpt":{"rendered":"<p>Nasz zesp\u00f3\u0142<\/p>\n","protected":false},"author":1,"featured_media":0,"parent":0,"menu_order":0,"comment_status":"closed","ping_status":"closed","template":"","meta":{"inline_featured_image":false,"footnotes":""},"class_list":["post-12","page","type-page","status-publish","hentry"],"yoast_head":"<!-- This site is optimized with the Yoast SEO plugin v23.0 - https:\/\/yoast.com\/wordpress\/plugins\/seo\/ -->\n<title>Nasz zesp\u00f3\u0142 - Dobre oko Pozna\u0144<\/title>\n<meta name=\"robots\" content=\"index, follow, max-snippet:-1, max-image-preview:large, max-video-preview:-1\" \/>\n<link rel=\"canonical\" href=\"https:\/\/poznan.dobre-oko.pl\/index.php\/nasz-zespol\/\" \/>\n<meta property=\"og:locale\" content=\"pl_PL\" \/>\n<meta property=\"og:type\" content=\"article\" \/>\n<meta property=\"og:title\" content=\"Nasz zesp\u00f3\u0142 - Dobre oko Pozna\u0144\" \/>\n<meta property=\"og:description\" content=\"Nasz zesp\u00f3\u0142\" \/>\n<meta property=\"og:url\" content=\"https:\/\/poznan.dobre-oko.pl\/index.php\/nasz-zespol\/\" \/>\n<meta property=\"og:site_name\" content=\"Dobre oko Pozna\u0144\" \/>\n<meta property=\"article:modified_time\" content=\"2025-10-15T18:56:59+00:00\" \/>\n<meta property=\"og:image\" content=\"https:\/\/poznan.dobre-oko.pl\/wp-content\/uploads\/2024\/07\/Katarzyna-Dubas-scaled.jpg\" \/>\n<meta name=\"twitter:card\" content=\"summary_large_image\" \/>\n<meta name=\"twitter:label1\" content=\"Szacowany czas czytania\" \/>\n\t<meta name=\"twitter:data1\" content=\"2 minuty\" \/>\n<script type=\"application\/ld+json\" class=\"yoast-schema-graph\">{\"@context\":\"https:\/\/schema.org\",\"@graph\":[{\"@type\":\"WebPage\",\"@id\":\"https:\/\/poznan.dobre-oko.pl\/index.php\/nasz-zespol\/\",\"url\":\"https:\/\/poznan.dobre-oko.pl\/index.php\/nasz-zespol\/\",\"name\":\"Nasz zesp\u00f3\u0142 - Dobre oko Pozna\u0144\",\"isPartOf\":{\"@id\":\"https:\/\/poznan.dobre-oko.pl\/#website\"},\"primaryImageOfPage\":{\"@id\":\"https:\/\/poznan.dobre-oko.pl\/index.php\/nasz-zespol\/#primaryimage\"},\"image\":{\"@id\":\"https:\/\/poznan.dobre-oko.pl\/index.php\/nasz-zespol\/#primaryimage\"},\"thumbnailUrl\":\"https:\/\/poznan.dobre-oko.pl\/wp-content\/uploads\/2024\/07\/Katarzyna-Dubas-scaled.jpg\",\"datePublished\":\"2024-07-11T15:50:30+00:00\",\"dateModified\":\"2025-10-15T18:56:59+00:00\",\"breadcrumb\":{\"@id\":\"https:\/\/poznan.dobre-oko.pl\/index.php\/nasz-zespol\/#breadcrumb\"},\"inLanguage\":\"pl-PL\",\"potentialAction\":[{\"@type\":\"ReadAction\",\"target\":[\"https:\/\/poznan.dobre-oko.pl\/index.php\/nasz-zespol\/\"]}]},{\"@type\":\"ImageObject\",\"inLanguage\":\"pl-PL\",\"@id\":\"https:\/\/poznan.dobre-oko.pl\/index.php\/nasz-zespol\/#primaryimage\",\"url\":\"https:\/\/poznan.dobre-oko.pl\/wp-content\/uploads\/2024\/07\/Katarzyna-Dubas-scaled.jpg\",\"contentUrl\":\"https:\/\/poznan.dobre-oko.pl\/wp-content\/uploads\/2024\/07\/Katarzyna-Dubas-scaled.jpg\",\"width\":2560,\"height\":2560},{\"@type\":\"BreadcrumbList\",\"@id\":\"https:\/\/poznan.dobre-oko.pl\/index.php\/nasz-zespol\/#breadcrumb\",\"itemListElement\":[{\"@type\":\"ListItem\",\"position\":1,\"name\":\"Home\",\"item\":\"https:\/\/poznan.dobre-oko.pl\/\"},{\"@type\":\"ListItem\",\"position\":2,\"name\":\"Nasz zesp\u00f3\u0142\"}]},{\"@type\":\"WebSite\",\"@id\":\"https:\/\/poznan.dobre-oko.pl\/#website\",\"url\":\"https:\/\/poznan.dobre-oko.pl\/\",\"name\":\"Dobre oko Pozna\u0144\",\"description\":\"\",\"potentialAction\":[{\"@type\":\"SearchAction\",\"target\":{\"@type\":\"EntryPoint\",\"urlTemplate\":\"https:\/\/poznan.dobre-oko.pl\/?s={search_term_string}\"},\"query-input\":\"required name=search_term_string\"}],\"inLanguage\":\"pl-PL\"}]}<\/script>\n<!-- \/ Yoast SEO plugin. -->","yoast_head_json":{"title":"Nasz zesp\u00f3\u0142 - Dobre oko Pozna\u0144","robots":{"index":"index","follow":"follow","max-snippet":"max-snippet:-1","max-image-preview":"max-image-preview:large","max-video-preview":"max-video-preview:-1"},"canonical":"https:\/\/poznan.dobre-oko.pl\/index.php\/nasz-zespol\/","og_locale":"pl_PL","og_type":"article","og_title":"Nasz zesp\u00f3\u0142 - Dobre oko Pozna\u0144","og_description":"Nasz zesp\u00f3\u0142","og_url":"https:\/\/poznan.dobre-oko.pl\/index.php\/nasz-zespol\/","og_site_name":"Dobre oko Pozna\u0144","article_modified_time":"2025-10-15T18:56:59+00:00","og_image":[{"url":"https:\/\/poznan.dobre-oko.pl\/wp-content\/uploads\/2024\/07\/Katarzyna-Dubas-scaled.jpg"}],"twitter_card":"summary_large_image","twitter_misc":{"Szacowany czas czytania":"2 minuty"},"schema":{"@context":"https:\/\/schema.org","@graph":[{"@type":"WebPage","@id":"https:\/\/poznan.dobre-oko.pl\/index.php\/nasz-zespol\/","url":"https:\/\/poznan.dobre-oko.pl\/index.php\/nasz-zespol\/","name":"Nasz zesp\u00f3\u0142 - Dobre oko Pozna\u0144","isPartOf":{"@id":"https:\/\/poznan.dobre-oko.pl\/#website"},"primaryImageOfPage":{"@id":"https:\/\/poznan.dobre-oko.pl\/index.php\/nasz-zespol\/#primaryimage"},"image":{"@id":"https:\/\/poznan.dobre-oko.pl\/index.php\/nasz-zespol\/#primaryimage"},"thumbnailUrl":"https:\/\/poznan.dobre-oko.pl\/wp-content\/uploads\/2024\/07\/Katarzyna-Dubas-scaled.jpg","datePublished":"2024-07-11T15:50:30+00:00","dateModified":"2025-10-15T18:56:59+00:00","breadcrumb":{"@id":"https:\/\/poznan.dobre-oko.pl\/index.php\/nasz-zespol\/#breadcrumb"},"inLanguage":"pl-PL","potentialAction":[{"@type":"ReadAction","target":["https:\/\/poznan.dobre-oko.pl\/index.php\/nasz-zespol\/"]}]},{"@type":"ImageObject","inLanguage":"pl-PL","@id":"https:\/\/poznan.dobre-oko.pl\/index.php\/nasz-zespol\/#primaryimage","url":"https:\/\/poznan.dobre-oko.pl\/wp-content\/uploads\/2024\/07\/Katarzyna-Dubas-scaled.jpg","contentUrl":"https:\/\/poznan.dobre-oko.pl\/wp-content\/uploads\/2024\/07\/Katarzyna-Dubas-scaled.jpg","width":2560,"height":2560},{"@type":"BreadcrumbList","@id":"https:\/\/poznan.dobre-oko.pl\/index.php\/nasz-zespol\/#breadcrumb","itemListElement":[{"@type":"ListItem","position":1,"name":"Home","item":"https:\/\/poznan.dobre-oko.pl\/"},{"@type":"ListItem","position":2,"name":"Nasz zesp\u00f3\u0142"}]},{"@type":"WebSite","@id":"https:\/\/poznan.dobre-oko.pl\/#website","url":"https:\/\/poznan.dobre-oko.pl\/","name":"Dobre oko Pozna\u0144","description":"","potentialAction":[{"@type":"SearchAction","target":{"@type":"EntryPoint","urlTemplate":"https:\/\/poznan.dobre-oko.pl\/?s={search_term_string}"},"query-input":"required name=search_term_string"}],"inLanguage":"pl-PL"}]}},"_links":{"self":[{"href":"https:\/\/poznan.dobre-oko.pl\/index.php\/wp-json\/wp\/v2\/pages\/12","targetHints":{"allow":["GET"]}}],"collection":[{"href":"https:\/\/poznan.dobre-oko.pl\/index.php\/wp-json\/wp\/v2\/pages"}],"about":[{"href":"https:\/\/poznan.dobre-oko.pl\/index.php\/wp-json\/wp\/v2\/types\/page"}],"author":[{"embeddable":true,"href":"https:\/\/poznan.dobre-oko.pl\/index.php\/wp-json\/wp\/v2\/users\/1"}],"replies":[{"embeddable":true,"href":"https:\/\/poznan.dobre-oko.pl\/index.php\/wp-json\/wp\/v2\/comments?post=12"}],"version-history":[{"count":9,"href":"https:\/\/poznan.dobre-oko.pl\/index.php\/wp-json\/wp\/v2\/pages\/12\/revisions"}],"predecessor-version":[{"id":113,"href":"https:\/\/poznan.dobre-oko.pl\/index.php\/wp-json\/wp\/v2\/pages\/12\/revisions\/113"}],"wp:attachment":[{"href":"https:\/\/poznan.dobre-oko.pl\/index.php\/wp-json\/wp\/v2\/media?parent=12"}],"curies":[{"name":"wp","href":"https:\/\/api.w.org\/{rel}","templated":true}]}}